{"id":268,"date":"2025-03-20T10:35:33","date_gmt":"2025-03-20T10:35:33","guid":{"rendered":"https:\/\/voice-eu.eu\/?page_id=268"},"modified":"2026-02-18T08:32:06","modified_gmt":"2026-02-18T08:32:06","slug":"noticias","status":"publish","type":"page","link":"https:\/\/voice-eu.eu\/es\/noticias\/","title":{"rendered":"Noticias y Eventos"},"content":{"rendered":"\t\t<div data-elementor-type=\"wp-page\" data-elementor-id=\"268\" class=\"elementor elementor-268 elementor-173\" data-elementor-post-type=\"page\">\n\t\t\t\t<div class=\"elementor-element elementor-element-60a2554 e-flex e-con-boxed e-con e-parent\" data-id=\"60a2554\" data-element_type=\"container\" data-settings=\"{&quot;background_background&quot;:&quot;classic&quot;,&quot;shape_divider_bottom&quot;:&quot;tilt&quot;}\">\n\t\t\t\t\t<div class=\"e-con-inner\">\n\t\t\t\t<div class=\"elementor-shape elementor-shape-bottom\" data-negative=\"false\">\n\t\t\t<svg xmlns=\"http:\/\/www.w3.org\/2000\/svg\" viewBox=\"0 0 1000 100\" preserveAspectRatio=\"none\">\n\t<path class=\"elementor-shape-fill\" d=\"M0,6V0h1000v100L0,6z\"\/>\n<\/svg>\t\t<\/div>\n\t\t\t\t<div class=\"elementor-element elementor-element-4cbaa76 elementor-widget elementor-widget-heading\" data-id=\"4cbaa76\" data-element_type=\"widget\" data-widget_type=\"heading.default\">\n\t\t\t\t<div class=\"elementor-widget-container\">\n\t\t\t\t\t<h1 class=\"elementor-heading-title elementor-size-default\">Noticias y Eventos<\/h1>\t\t\t\t<\/div>\n\t\t\t\t<\/div>\n\t\t\t\t\t<\/div>\n\t\t\t\t<\/div>\n\t\t<div class=\"elementor-element elementor-element-66c39dc e-flex e-con-boxed e-con e-parent\" data-id=\"66c39dc\" data-element_type=\"container\" data-settings=\"{&quot;background_background&quot;:&quot;classic&quot;}\">\n\t\t\t\t\t<div class=\"e-con-inner\">\n\t\t\t\t<div class=\"elementor-element elementor-element-f769e4b elementor-position-left elementor-mobile-position-left elementor-view-default elementor-vertical-align-top elementor-widget elementor-widget-icon-box\" data-id=\"f769e4b\" data-element_type=\"widget\" data-widget_type=\"icon-box.default\">\n\t\t\t\t<div class=\"elementor-widget-container\">\n\t\t\t\t\t\t\t<div class=\"elementor-icon-box-wrapper\">\n\n\t\t\t\t\t\t<div class=\"elementor-icon-box-icon\">\n\t\t\t\t<a href=\"https:\/\/www.noicambiamo.it\/news\/2025\/03\/14\/presentazione-a-ciampino-del-progetto-voice-eu-leducazione-civica-inclusiva\/?fbclid=IwZXh0bgNhZW0CMTEAAR346pQgJZ0G2KcR3Z8gS5eH5dDSu-I0ZaIZaYSOiL-l1Bat1tKDlRPCK10_aem_-ZiOx876pxiqYrbCqSSkrA&#038;sfnsn=scwspwa\" target=\"_blank\" class=\"elementor-icon\" tabindex=\"-1\" aria-label=\"Parte da Ciampino il progetto VOICE-EU:\">\n\t\t\t\t<svg aria-hidden=\"true\" class=\"e-font-icon-svg e-fas-star\" viewBox=\"0 0 576 512\" xmlns=\"http:\/\/www.w3.org\/2000\/svg\"><path d=\"M259.3 17.8L194 150.2 47.9 171.5c-26.2 3.8-36.7 36.1-17.7 54.6l105.7 103-25 145.5c-4.5 26.3 23.2 46 46.4 33.7L288 439.6l130.7 68.7c23.2 12.2 50.9-7.4 46.4-33.7l-25-145.5 105.7-103c19-18.5 8.5-50.8-17.7-54.6L382 150.2 316.7 17.8c-11.7-23.6-45.6-23.9-57.4 0z\"><\/path><\/svg>\t\t\t\t<\/a>\n\t\t\t<\/div>\n\t\t\t\n\t\t\t\t\t\t<div class=\"elementor-icon-box-content\">\n\n\t\t\t\t\t\t\t\t\t<h3 class=\"elementor-icon-box-title\">\n\t\t\t\t\t\t<a href=\"https:\/\/www.noicambiamo.it\/news\/2025\/03\/14\/presentazione-a-ciampino-del-progetto-voice-eu-leducazione-civica-inclusiva\/?fbclid=IwZXh0bgNhZW0CMTEAAR346pQgJZ0G2KcR3Z8gS5eH5dDSu-I0ZaIZaYSOiL-l1Bat1tKDlRPCK10_aem_-ZiOx876pxiqYrbCqSSkrA&#038;sfnsn=scwspwa\" target=\"_blank\" >\n\t\t\t\t\t\t\tParte da Ciampino il progetto VOICE-EU:\t\t\t\t\t\t<\/a>\n\t\t\t\t\t<\/h3>\n\t\t\t\t\n\t\t\t\t\t\t\t\t\t<p class=\"elementor-icon-box-description\">\n\t\t\t\t\t\tl\u2019educazione civica inclusiva<br><br>\t\t\t\t\t<\/p>\n\t\t\t\t\n\t\t\t<\/div>\n\t\t\t\n\t\t<\/div>\n\t\t\t\t\t\t<\/div>\n\t\t\t\t<\/div>\n\t\t\t\t<div class=\"elementor-element elementor-element-9298eb7 elementor-widget elementor-widget-text-editor\" data-id=\"9298eb7\" data-element_type=\"widget\" data-widget_type=\"text-editor.default\">\n\t\t\t\t<div class=\"elementor-widget-container\">\n\t\t\t\t\t\t\t\t\t<p>Con molti protagonisti di Marino, si avvia il 15 marzo a Ciampino il progetto europeo \u201c<strong>VOICE-EU: Promuovere la Partecipazione Attiva dei Cittadini Europei attraverso l\u2019Educazione Civica Inclusiva<\/strong>\u201c.<\/p><div>Un nuovo progetto europeo Erasmus+, che vede protagonista\u00a0<strong>Timeducation<\/strong>\u00a0della concittadina marinese\u00a0<strong>Tiziana Marinelli<\/strong>\u00a0(che con la sua organizzazione rappresenta l\u2019Italia come capofila del progetto) ed altri partner europei, si pone l\u2019obiettivo far riflettere e sensibilizzare i cittadini europei sulla loro partecipazione democratica.<\/div><div>Ecco i dettagli sul progetto e la sua articolazione.<\/div><div>\u00a0<\/div><div>VOICE-EU (<strong>Valuing Opportunities for Inclusive Civic Engagement in Europe<\/strong>) \u00e8 un\u2019iniziativa finanziata dal programma europeo Erasmus+ sotto la tipologia KA210-ADU, che mira a promuovere la\u00a0<strong>partecipazione attiva dei cittadini europei ai processi democratici<\/strong>.<\/div><div>Con una durata di 18 mesi, dal 1\u00b0 ottobre 2024 al 31 marzo 2026, il progetto coinvolge tre partner europei:<strong>\u00a0Timeducation di Tiziana Marinelli (Italia, capofila), MEDIOCUBO (Spagna) e AKADIMOS (Grecia)<\/strong>.<\/div><div>\u00a0<\/div><div>\u201c<em>Il progetto nasce dall\u2019urgenza di contrastare la crescente disaffezione dei cittadini verso la politica e le istituzioni, testimoniata da un declino costante nella partecipazione elettorale, soprattutto in Italia, Grecia e Spagna. Questi paesi, infatti, hanno registrato un calo significativo nelle ultime decadi, con una preoccupante diminuzione dell\u2019affluenza alle urne.<\/em><\/div><div>\u00a0<\/div><div><em>Obiettivo del progetto<\/em><\/div><div><em>L\u2019obiettivo principale di VOICE-EU \u00e8 stimolare la consapevolezza civica e incoraggiare un maggiore coinvolgimento dei cittadini, sia a livello nazionale che europeo. Attraverso attivit\u00e0 formative, digitali e interattive, il progetto mira a educare e sensibilizzare i partecipanti sul ruolo fondamentale delle istituzioni politiche e sull\u2019importanza di una partecipazione consapevole.<\/em><\/div><div>\u00a0<\/div><div><em>Le principali attivit\u00e0 del progetto includono seminari, workshop, giochi online e attivit\u00e0 intergenerazionali, tutte finalizzate ad aumentare le competenze civiche e digitali dei cittadini. Tra le iniziative proposte, spicca un seminario sul tema\u00a0\u201cEU Citizenship\u201d, che si terr\u00e0\u00a0 il\u00a015 e il 22 marzo 2025\u00a0presso la nuova sala consiliare del comune di\u00a0Ciampino (RM) \u2013 in via Quattro\u00a0 Novembre, 91, volto a sensibilizzare i partecipanti sull\u2019importanza delle istituzioni nazionali e europee nella vita quotidiana.<\/em><\/div><div>\u00a0<\/div><div><em>Le attivit\u00e0 previste dal progetto sono le seguenti:<\/em><\/div><div>\u00a0<\/div><div><em>1.\u00a0\u201cEU Citizenship\u201d\u00a0SEMINARIO (2 giorni): Un seminario educativo per esplorare il funzionamento delle istituzioni politiche nazionali e europee e il loro impatto sulla vita dei cittadini.<\/em><\/div><div><em>\u00a0 \u00a0<\/em><\/div><div><em>2.\u00a0\u201cTackling Misinformation\u201d\u00a0WORKSHOP (1 giorno): Un workshop interattivo per contrastare la disinformazione e migliorare la capacit\u00e0 di discernimento tra notizie veritiere e fake news.<\/em><\/div><div>\u00a0<\/div><div><em>3.\u00a0\u201cBe-Eu\u201d ONLINE GAME\u00a0(Gioco online): Un gioco che mira a rafforzare la consapevolezza civica e a stimolare la partecipazione attiva attraverso un\u2019esperienza digitale coinvolgente.<\/em><\/div><div>\u00a0<\/div><div><em>4.\u00a0\u201cGenerations Uncovered: Exploring European Themes through Dual Interviews\u201d \u2013 GENERAZIONI A CONFRONTO: Un\u2019attivit\u00e0 che promuove il confronto intergenerazionale tra diverse fasce di et\u00e0 per discutere di politica, memoria storica e identit\u00e0 europea.<\/em><\/div><div>\u00a0<\/div><div><em>5.\u00a0\u201cEuroVoice: Sharing for Participation\u201d \u2013 EVENTO DI DISSEMINAZIONE +\u00a0 MEETING FINALE (Mobilit\u00e0 in Italia): Un evento finale che si terr\u00e0 in Italia, dove saranno presentati i risultati del progetto e condivise le esperienze di tutti i partecipanti.<\/em><\/div><div>\u00a0<\/div><div><em>Iniziative per contrastare l\u2019astensionismo e la polarizzazione politica:<\/em><\/div><div><em>Il progetto **VOICE-EU** si concentra anche sul contrasto alle estremizzazioni politiche e alla crescente polarizzazione, temi sempre pi\u00f9 rilevanti a livello europeo. Le attivit\u00e0 proposte incoraggeranno i partecipanti a riflettere sui benefici e le sfide dell\u2019appartenenza all\u2019Unione Europea, aumentando la loro capacit\u00e0 di partecipare attivamente e in modo critico al dibattito pubblico.<\/em><\/div><div>\u00a0<\/div><div><em>Un futuro pi\u00f9 coeso e democratico:\u00a0<\/em><\/div><div><em>Il progetto si inserisce in un contesto di crescente disillusione e distacco dalla politica, che sta minando la fiducia nelle istituzioni europee e nazionali. VOICE-EU mira, quindi, a creare un impatto positivo e duraturo, incrementando la consapevolezza e l\u2019impegno civico attraverso l\u2019educazione, il dialogo e l\u2019uso innovativo degli strumenti digitali.<\/em><\/div><div>\u00a0<\/div><div><em>Il seminario, che aprir\u00e0 ufficialmente il progetto, si concentrer\u00e0 sull\u2019importanza di comprendere le istituzioni e i meccanismi decisionali che governano l\u2019Unione Europea e le sfide che i cittadini devono affrontare nel mondo di oggi. La partecipazione al seminario, cos\u00ec come agli altri eventi, sar\u00e0\u00a0 libera e gratuita. Il programma dettagliato \u00e8 riportato nella locandina\u00bb.<\/em><\/div>\t\t\t\t\t\t\t\t<\/div>\n\t\t\t\t<\/div>\n\t\t\t\t\t<\/div>\n\t\t\t\t<\/div>\n\t\t\t\t<\/div>\n\t\t","protected":false},"excerpt":{"rendered":"<p>Noticias y Eventos Parte da Ciampino il progetto VOICE-EU: l\u2019educazione civica inclusiva Con molti protagonisti di Marino, si avvia il 15 marzo a Ciampino il progetto europeo \u201cVOICE-EU: Promuovere la Partecipazione Attiva dei Cittadini Europei attraverso l\u2019Educazione Civica Inclusiva\u201c. Un nuovo progetto europeo Erasmus+, che vede protagonista\u00a0Timeducation\u00a0della concittadina marinese\u00a0Tiziana Marinelli\u00a0(che con la sua organizzazione rappresenta [&hellip;]<\/p>\n","protected":false},"author":1,"featured_media":0,"parent":0,"menu_order":0,"comment_status":"closed","ping_status":"closed","template":"","meta":{"footnotes":""},"class_list":["post-268","page","type-page","status-publish","hentry"],"_links":{"self":[{"href":"https:\/\/voice-eu.eu\/es\/wp-json\/wp\/v2\/pages\/268","targetHints":{"allow":["GET"]}}],"collection":[{"href":"https:\/\/voice-eu.eu\/es\/wp-json\/wp\/v2\/pages"}],"about":[{"href":"https:\/\/voice-eu.eu\/es\/wp-json\/wp\/v2\/types\/page"}],"author":[{"embeddable":true,"href":"https:\/\/voice-eu.eu\/es\/wp-json\/wp\/v2\/users\/1"}],"replies":[{"embeddable":true,"href":"https:\/\/voice-eu.eu\/es\/wp-json\/wp\/v2\/comments?post=268"}],"version-history":[{"count":8,"href":"https:\/\/voice-eu.eu\/es\/wp-json\/wp\/v2\/pages\/268\/revisions"}],"predecessor-version":[{"id":1397,"href":"https:\/\/voice-eu.eu\/es\/wp-json\/wp\/v2\/pages\/268\/revisions\/1397"}],"wp:attachment":[{"href":"https:\/\/voice-eu.eu\/es\/wp-json\/wp\/v2\/media?parent=268"}],"curies":[{"name":"wp","href":"https:\/\/api.w.org\/{rel}","templated":true}]}}